{"id":15439,"date":"2022-09-01T14:00:03","date_gmt":"2022-09-01T12:00:03","guid":{"rendered":"https:\/\/www.efdb.ch\/the-team\/"},"modified":"2026-09-02T15:25:14","modified_gmt":"2026-09-02T13:25:14","slug":"the-team-2","status":"publish","type":"page","link":"https:\/\/www.efdb.ch\/en\/the-team-2\/","title":{"rendered":"The team"},"content":{"rendered":"<p>[et_pb_section fb_built=&#8221;1&#8243; fullwidth=&#8221;on&#8221; _builder_version=&#8221;4.16&#8243; global_colors_info=&#8221;{}&#8221;][et_pb_fullwidth_slider admin_label=&#8221;Fullwidth Slider&#8221; _builder_version=&#8221;4.19.4&#8243; custom_padding=&#8221;|||&#8221; custom_padding_tablet=&#8221;|||&#8221; custom_padding_phone=&#8221;|||&#8221; box_shadow_style=&#8221;preset6&#8243; box_shadow_blur=&#8221;10px&#8221; box_shadow_color=&#8221;rgba(0,0,0,0.1)&#8221; global_colors_info=&#8221;{}&#8221; button_text_size__hover_enabled=&#8221;off&#8221; button_one_text_size__hover_enabled=&#8221;off&#8221; button_two_text_size__hover_enabled=&#8221;off&#8221; button_text_color__hover_enabled=&#8221;off&#8221; button_one_text_color__hover_enabled=&#8221;off&#8221; button_two_text_color__hover_enabled=&#8221;off&#8221; button_border_width__hover_enabled=&#8221;off&#8221; button_one_border_width__hover_enabled=&#8221;off&#8221; button_two_border_width__hover_enabled=&#8221;off&#8221; button_border_color__hover_enabled=&#8221;off&#8221; button_one_border_color__hover_enabled=&#8221;off&#8221; button_two_border_color__hover_enabled=&#8221;off&#8221; button_border_radius__hover_enabled=&#8221;off&#8221; button_one_border_radius__hover_enabled=&#8221;off&#8221; button_two_border_radius__hover_enabled=&#8221;off&#8221; button_letter_spacing__hover_enabled=&#8221;off&#8221; button_one_letter_spacing__hover_enabled=&#8221;off&#8221; button_two_letter_spacing__hover_enabled=&#8221;off&#8221; button_bg_color__hover_enabled=&#8221;off&#8221; button_one_bg_color__hover_enabled=&#8221;off&#8221; button_two_bg_color__hover_enabled=&#8221;off&#8221;][et_pb_slide heading=&#8221;The team&#8221; use_bg_overlay=&#8221;on&#8221; _builder_version=&#8221;4.19.4&#8243; background_color=&#8221;#ffffff&#8221; background_image=&#8221;https:\/\/www.efdb.ch\/wp-content\/uploads\/2019\/10\/DSC6948.jpg&#8221; background_enable_image=&#8221;on&#8221; global_colors_info=&#8221;{}&#8221; button_text_size__hover_enabled=&#8221;off&#8221; button_one_text_size__hover_enabled=&#8221;off&#8221; button_two_text_size__hover_enabled=&#8221;off&#8221; button_text_color__hover_enabled=&#8221;off&#8221; button_one_text_color__hover_enabled=&#8221;off&#8221; button_two_text_color__hover_enabled=&#8221;off&#8221; button_border_width__hover_enabled=&#8221;off&#8221; button_one_border_width__hover_enabled=&#8221;off&#8221; button_two_border_width__hover_enabled=&#8221;off&#8221; button_border_color__hover_enabled=&#8221;off&#8221; button_one_border_color__hover_enabled=&#8221;off&#8221; button_two_border_color__hover_enabled=&#8221;off&#8221; button_border_radius__hover_enabled=&#8221;off&#8221; button_one_border_radius__hover_enabled=&#8221;off&#8221; button_two_border_radius__hover_enabled=&#8221;off&#8221; button_letter_spacing__hover_enabled=&#8221;off&#8221; button_one_letter_spacing__hover_enabled=&#8221;off&#8221; button_two_letter_spacing__hover_enabled=&#8221;off&#8221; button_bg_color__hover_enabled=&#8221;off&#8221; button_one_bg_color__hover_enabled=&#8221;off&#8221; button_two_bg_color__hover_enabled=&#8221;off&#8221; sticky_transition=&#8221;on&#8221;]<\/p><p>of the \u00c9cole Fran\u00e7aise de B\u00e2le<\/p><p>[\/et_pb_slide][\/et_pb_fullwidth_slider][\/et_pb_section][et_pb_section fb_built=&#8221;1&#8243; specialty=&#8221;on&#8221; _builder_version=&#8221;4.16&#8243; global_colors_info=&#8221;{}&#8221;][et_pb_column type=&#8221;2_3&#8243; specialty_columns=&#8221;2&#8243; _builder_version=&#8221;4.16&#8243; custom_padding=&#8221;|||&#8221; global_colors_info=&#8221;{}&#8221; parallax__hover=&#8221;off&#8221; parallax_method__hover=&#8221;on&#8221; custom_padding__hover=&#8221;|||&#8221;][et_pb_row_inner admin_label=&#8221;Ligne&#8221; _builder_version=&#8221;4.16&#8243; global_colors_info=&#8221;{}&#8221;][et_pb_column_inner saved_specialty_column_type=&#8221;2_3&#8243; _builder_version=&#8221;4.16&#8243; custom_padding=&#8221;|||&#8221; global_colors_info=&#8221;{}&#8221; parallax__hover=&#8221;off&#8221; parallax_method__hover=&#8221;on&#8221; custom_padding__hover=&#8221;|||&#8221;][et_pb_text admin_label=&#8221;Organigramme&#8221; _builder_version=&#8221;4.27.8&#8243; hover_enabled=&#8221;0&#8243; global_colors_info=&#8221;{}&#8221; sticky_enabled=&#8221;0&#8243;]<\/p><h2>Organisation chart<\/h2><p><\/p><p><a href=\"https:\/\/www.efdb.ch\/wp-content\/uploads\/2026\/09\/2026.09.01-Organigramme-EFDB-1.pdf\" rel=\"attachment wp-att-23999\">Organisation chart EFDB<\/a><\/p><p>[\/et_pb_text][et_pb_accordion _builder_version=&#8221;4.27.8&#8243; body_text_color=&#8221;#233B51&#8243; body_ul_position=&#8221;inside&#8221; background_color=&#8221;#ffffff&#8221; global_colors_info=&#8221;{}&#8221;][et_pb_accordion_item title=&#8221;School principal and Administration&#8221; open=&#8221;on&#8221; icon_color=&#8221;#d10a11&#8243; _builder_version=&#8221;4.27.8&#8243; custom_margin=&#8221;||0px|&#8221; custom_margin_tablet=&#8221;||0px|&#8221; custom_margin_phone=&#8221;||0px|&#8221; border_width_bottom=&#8221;0px&#8221; global_colors_info=&#8221;{}&#8221;]<\/p><ul><li><strong>School Principal : <\/strong>Fr\u00e9d\u00e9ric FOURT<\/li><li><strong>Daycare Director\u00a0:<\/strong> Laura GEISS<\/li><li><strong>Administrative and Extra-Curricular Director : <\/strong>Anne-Sophie RINGENBACH<\/li><li><strong>Financial Director : <\/strong>G\u00e9rard BOUELE<\/li><li><strong>Assistant to the Administrative and Extra-Curricular Director &#8211; Maternelle : <\/strong>Caroline KLEIN<\/li><li><strong>Pedagogical Assistant to the Administrative and Extra-Curricular Director &#8211; Elementary school : <\/strong>Oc\u00e9ane DERBISZ<\/li><li><strong>Assistant to the Administrative and Extra-Curricular Director &#8211; Elementary school : <\/strong>Justine VEIDIG<\/li><\/ul><p>[\/et_pb_accordion_item][et_pb_accordion_item title=&#8221;Daycare (creche)&#8221; icon_color=&#8221;#d10a11&#8243; _builder_version=&#8221;4.27.8&#8243; custom_margin=&#8221;||0px|&#8221; custom_margin_tablet=&#8221;0px|||&#8221; custom_margin_phone=&#8221;0px|||&#8221; border_width_bottom=&#8221;0px&#8221; global_colors_info=&#8221;{}&#8221; open=&#8221;off&#8221;]<\/p><p><strong>Professionals :<\/strong><\/p><p><\/p><ul><li>Camille AUBLE<\/li><li>Anna\u00eblle BAY<\/li><li>Lara KEUSCH<\/li><li>Kieu-anh NGUYEN<\/li><li>Morgane TIRELLI<\/li><\/ul><p><\/p><p><strong>Caregiver :<\/strong><\/p><p><\/p><ul><li>Sabine VAISSEAU<\/li><\/ul><p><\/p><p><strong>Music teacher :<\/strong><\/p><p><\/p><ul><li>Aurore BREUILLOT<\/li><\/ul><p>[\/et_pb_accordion_item][et_pb_accordion_item title=&#8221;Maternelle&#8221; icon_color=&#8221;#d10a11&#8243; _builder_version=&#8221;4.27.8&#8243; custom_margin=&#8221;||0px|&#8221; custom_margin_tablet=&#8221;||0px|&#8221; custom_margin_phone=&#8221;||0px|&#8221; border_width_bottom=&#8221;0px&#8221; global_colors_info=&#8221;{}&#8221; open=&#8221;off&#8221;]<\/p><p><strong>Teachers and assistants Maternelle :<\/strong><\/p><p><\/p><ul><li><strong>Petite Section :<\/strong><\/li><li style=\"list-style-type: none;\"><ul><li>Sophie JENN<\/li><li>Julie SCHWARZROCK<\/li><li>Laurence BENOIT<\/li><\/ul><p><\/li><p><\/p><li><strong>Moyenne Section :<\/strong><ul><li>C\u00e9line KERN<\/li><p><\/p><li>Julie SCHWARZROCK<\/li><p><\/p><li>Jean-Pierre PESSOTTO<\/li><p><\/ul><p><\/li><p><\/p><li><strong>Grande Section :<\/strong><ul><li>Eliette CUCHE<\/li><p><\/p><li>Tania WEISS<\/li><p><\/p><li>Jean-Pierre PESSOTTO<\/li><p><\/ul><p><\/li><p><\/ul><p><\/p><p><strong>German teachers :<\/strong><\/p><p><\/p><ul><li>Julie FOHR<\/li><li>Laura GEISS<\/li><li>Amira GHANNAM<\/li><\/ul><p><\/p><p><strong>Music teacher : <\/strong><\/p><p><\/p><ul><li>Aurore BREUILLOT<\/li><\/ul><p><\/p><p><strong>Supervision, canteen, maintenance:<\/strong><\/p><p><\/p><ul><li>V\u00e9ronique BENADDI<\/li><li>Salom\u00e9 MENU<\/li><\/ul><p>[\/et_pb_accordion_item][et_pb_accordion_item title=&#8221;Elementary&#8221; icon_color=&#8221;#d10a11&#8243; _builder_version=&#8221;4.27.8&#8243; custom_margin=&#8221;||0px|&#8221; custom_margin_tablet=&#8221;||0px|&#8221; custom_margin_phone=&#8221;||0px|&#8221; border_width_bottom=&#8221;0px&#8221; global_colors_info=&#8221;{}&#8221; open=&#8221;off&#8221;]<\/p><p><strong> Teachers:<\/strong><\/p><p><\/p><ul><li><strong>CP : <\/strong>Marc SCHNEIDER<\/li><li><strong>CE1 : <\/strong>Ana\u00efs GARCIA SUTTER<\/li><li><strong>CE2 : <\/strong>Val\u00e9rie MULLER<\/li><li><strong>CM1 : <\/strong>Anne ZUSSY<\/li><li><strong>CM2 : <\/strong>Anna FANINGER<\/li><li><strong>6\u00e8me : <\/strong>professeur principal, Fr\u00e9d\u00e9ric FOURT<\/li><\/ul><p><\/p><p><strong>German teachers:<\/strong><\/p><p><\/p><ul><li>Antje GHANNAM<\/li><li>Val\u00e9rie MULLER<\/li><li>M\u00e9lanie NIGLIS<\/li><li>Elisabeth REINGRUBER<\/li><li>Marc SCHNEIDER<\/li><\/ul><p><\/p><p><strong>English teachers:<\/strong><\/p><p><\/p><ul><li>Chlo\u00e9 JEGOU<\/li><li>Sheena PRUNTY<\/li><\/ul><p><\/p><p><strong>Music teacher:<\/strong><\/p><p><\/p><ul><li>Aurore BREUILLOT<\/li><\/ul><p><\/p><p><strong>Science teacher (6th Grade):<\/strong><\/p><p><\/p><ul><li>Laurent LIGNEAU<\/li><\/ul><p><\/p><p><strong>Canteen supervision:<\/strong><\/p><p><\/p><ul><li>Sabrina BOUZANA<\/li><li>Julie FOHR<\/li><li>Am\u00e9lie MULLER<\/li><li>M\u00e9lanie NIGLIS<\/li><li>Justine VEIDIG<\/li><\/ul><p>[\/et_pb_accordion_item][et_pb_accordion_item title=&#8221;Management committee, elected on 15 December 2025&#8243; icon_color=&#8221;#d10a11&#8243; _builder_version=&#8221;4.27.8&#8243; custom_margin=&#8221;||0px|&#8221; custom_margin_tablet=&#8221;||0px|&#8221; custom_margin_phone=&#8221;||0px|&#8221; border_width_bottom=&#8221;0px&#8221; global_colors_info=&#8221;{}&#8221; open=&#8221;off&#8221;]<\/p><ul><li><strong>President : <\/strong>Sonia REGENASS<\/li><li><strong>Vice-president : <\/strong>Antoine FRAN\u00c7OIS<\/li><li><strong>Treasurer : <\/strong>Constance TUFFET<\/li><li><strong>Secretary : <\/strong>Laurie HEINRICH<\/li><li><strong>Members : <\/strong>Diane BEAUVAIS, Am\u00e9lie BIGORGNE, Karim MELLITI<\/li><li><strong>Representative of the Parents Council<\/strong><strong> : <\/strong>upcoming elections<\/li><li><strong>Ex-officio members :\u00a0<\/strong><ul><li>Laurent ALBERTI, Consul G\u00e9n\u00e9ral de France \u00e0 Z\u00fcrich<\/li><li>Fran\u00e7ois COURANT, Conseiller de Coop\u00e9ration et d\u2019Action Culturelle<\/li><li>Fabrice BARTHELEMY, Inspecteur d\u2019Acad\u00e9mie, Directeur des Services D\u00e9partementaux de l\u2019Education Nationale du Haut-Rhin<\/li><\/ul><p><\/li><p><\/ul><p>[\/et_pb_accordion_item][et_pb_accordion_item title=&#8221;Parents Council, elected on 10 October 2025&#8243; icon_color=&#8221;#d10a11&#8243; _builder_version=&#8221;4.27.8&#8243; global_colors_info=&#8221;{}&#8221; open=&#8221;off&#8221;]<\/p><p><strong>Representative of the Parents Council:<\/strong><\/p><p><\/p><ul><li>Upcoming elections<\/li><\/ul><p><\/p><p><strong>Members of the Parents Council:<\/strong><\/p><p><\/p><ul><li>Manon FRANCOIS<\/li><li>Raphael LE BOURSICAUD<\/li><\/ul><p>[\/et_pb_accordion_item][\/et_pb_accordion][\/et_pb_column_inner][\/et_pb_row_inner][\/et_pb_column][et_pb_column type=&#8221;1_3&#8243; _builder_version=&#8221;4.16&#8243; custom_padding=&#8221;|||&#8221; global_colors_info=&#8221;{}&#8221; parallax__hover=&#8221;off&#8221; parallax_method__hover=&#8221;on&#8221; custom_padding__hover=&#8221;|||&#8221;][et_pb_text admin_label=&#8221;EFDB&#8221; _builder_version=&#8221;4.19.4&#8243; global_colors_info=&#8221;{}&#8221;]<\/p><p>Founded in 1884, the French School of Basel is the only school in the North West of Switzerland with an homologation from the Agency of French Schools Abroad (Agence de l\u2019Enseignement Fran\u00e7ais \u00e0 l\u2019Etranger, or AEFE). It is under the supervision of the Minister of Basel-Stadt Education\u00a0 and of the Academy of Strasburg.<\/p><p>[\/et_pb_text][et_pb_text admin_label=&#8221;Partenaires&#8221; _builder_version=&#8221;4.16&#8243; global_colors_info=&#8221;{}&#8221;]<\/p><h3>\u00a0<\/h3><p><\/p><ul><li><a href=\"https:\/\/www.aefe.fr\/\" target=\"_blank\" rel=\"noopener noreferrer\">AEFE<\/a><\/li><li><a href=\"https:\/\/www.education.gouv.fr\/\" target=\"_blank\" rel=\"noopener noreferrer\">Minist\u00e8re de l&#8217;Education Nationale<\/a><\/li><li><a href=\"https:\/\/www.ed.bs.ch\/\" target=\"_blank\" rel=\"noopener noreferrer\">Erziehungsdepartement de Bale-Ville<\/a><\/li><\/ul><p>[\/et_pb_text][et_pb_image src=&#8221;https:\/\/www.efdb.ch\/wp-content\/uploads\/2021\/09\/delf-goethe-cambridge-combines-1.png&#8221; alt=&#8221;Certifications&#8221; title_text=&#8221;delf goethe cambridge combined&#8221; _builder_version=&#8221;4.16&#8243; _module_preset=&#8221;default&#8221; global_colors_info=&#8221;{}&#8221;][\/et_pb_image][et_pb_image src=&#8221;https:\/\/www.efdb.ch\/wp-content\/uploads\/2021\/09\/certification-efe3d-niveau1.png&#8221; title_text=&#8221;certification-efe3d-niveau1&#8243; _builder_version=&#8221;4.16&#8243; _module_preset=&#8221;default&#8221; global_colors_info=&#8221;{}&#8221;][\/et_pb_image][\/et_pb_column][\/et_pb_section]<\/p>","protected":false},"excerpt":{"rendered":"<p>of the \u00c9cole Fran\u00e7aise de B\u00e2leOrganisation chartOrganisation chart EFDB School Principal : Fr\u00e9d\u00e9ric FOURT Daycare Director\u00a0: Laura GEISS Administrative and Extra-Curricular Director : Anne-Sophie RINGENBACH Financial Director : G\u00e9rard BOUELE Assistant to the Administrative and Extra-Curricular Director &#8211; Maternelle : Caroline KLEIN Pedagogical Assistant to the Administrative and Extra-Curricular Director &#8211; Elementary school : Oc\u00e9ane [&hellip;]<\/p>\n","protected":false},"author":1,"featured_media":0,"parent":0,"menu_order":0,"comment_status":"closed","ping_status":"closed","template":"","meta":{"_et_pb_use_builder":"on","_et_pb_old_content":"","_et_gb_content_width":"","footnotes":""},"class_list":["post-15439","page","type-page","status-publish","hentry"],"yoast_head":"<!-- This site is optimized with the Yoast SEO plugin v28.4 - https:\/\/yoast.com\/product\/yoast-seo-wordpress\/ -->\n<title>The team - EFDB<\/title>\n<meta name=\"robots\" content=\"index, follow, max-snippet:-1, max-image-preview:large, max-video-preview:-1\" \/>\n<link rel=\"canonical\" href=\"https:\/\/www.efdb.ch\/en\/the-team-2\/\" \/>\n<meta property=\"og:locale\" content=\"en_US\" \/>\n<meta property=\"og:type\" content=\"article\" \/>\n<meta property=\"og:title\" content=\"The team - EFDB\" \/>\n<meta property=\"og:description\" content=\"of the \u00c9cole Fran\u00e7aise de B\u00e2leOrganisation chartOrganisation chart EFDB School Principal : Fr\u00e9d\u00e9ric FOURT Daycare Director\u00a0: Laura GEISS Administrative and Extra-Curricular Director : Anne-Sophie RINGENBACH Financial Director : G\u00e9rard BOUELE Assistant to the Administrative and Extra-Curricular Director - Maternelle : Caroline KLEIN Pedagogical Assistant to the Administrative and Extra-Curricular Director - Elementary school : Oc\u00e9ane [&hellip;]\" \/>\n<meta property=\"og:url\" content=\"https:\/\/www.efdb.ch\/en\/the-team-2\/\" \/>\n<meta property=\"og:site_name\" content=\"EFDB\" \/>\n<meta property=\"article:modified_time\" content=\"2026-09-02T13:25:14+00:00\" \/>\n<meta name=\"twitter:card\" content=\"summary_large_image\" \/>\n<meta name=\"twitter:label1\" content=\"Est. reading time\" \/>\n\t<meta name=\"twitter:data1\" content=\"6 minutes\" \/>\n<script type=\"application\/ld+json\" class=\"yoast-schema-graph\">{\"@context\":\"https:\\\/\\\/schema.org\",\"@graph\":[{\"@type\":\"WebPage\",\"@id\":\"https:\\\/\\\/www.efdb.ch\\\/en\\\/the-team-2\\\/\",\"url\":\"https:\\\/\\\/www.efdb.ch\\\/en\\\/the-team-2\\\/\",\"name\":\"The team - EFDB\",\"isPartOf\":{\"@id\":\"https:\\\/\\\/www.efdb.ch\\\/en\\\/#website\"},\"datePublished\":\"2022-09-01T12:00:03+00:00\",\"dateModified\":\"2026-09-02T13:25:14+00:00\",\"breadcrumb\":{\"@id\":\"https:\\\/\\\/www.efdb.ch\\\/en\\\/the-team-2\\\/#breadcrumb\"},\"inLanguage\":\"en-US\",\"potentialAction\":[{\"@type\":\"ReadAction\",\"target\":[\"https:\\\/\\\/www.efdb.ch\\\/en\\\/the-team-2\\\/\"]}]},{\"@type\":\"BreadcrumbList\",\"@id\":\"https:\\\/\\\/www.efdb.ch\\\/en\\\/the-team-2\\\/#breadcrumb\",\"itemListElement\":[{\"@type\":\"ListItem\",\"position\":1,\"name\":\"Accueil\",\"item\":\"https:\\\/\\\/www.efdb.ch\\\/en\\\/\"},{\"@type\":\"ListItem\",\"position\":2,\"name\":\"The team\"}]},{\"@type\":\"WebSite\",\"@id\":\"https:\\\/\\\/www.efdb.ch\\\/en\\\/#website\",\"url\":\"https:\\\/\\\/www.efdb.ch\\\/en\\\/\",\"name\":\"EFDB\",\"description\":\"\u00c9cole fran\u00e7aise de B\u00e2le\",\"potentialAction\":[{\"@type\":\"SearchAction\",\"target\":{\"@type\":\"EntryPoint\",\"urlTemplate\":\"https:\\\/\\\/www.efdb.ch\\\/en\\\/?s={search_term_string}\"},\"query-input\":{\"@type\":\"PropertyValueSpecification\",\"valueRequired\":true,\"valueName\":\"search_term_string\"}}],\"inLanguage\":\"en-US\"}]}<\/script>\n<!-- \/ Yoast SEO plugin. -->","yoast_head_json":{"title":"The team - EFDB","robots":{"index":"index","follow":"follow","max-snippet":"max-snippet:-1","max-image-preview":"max-image-preview:large","max-video-preview":"max-video-preview:-1"},"canonical":"https:\/\/www.efdb.ch\/en\/the-team-2\/","og_locale":"en_US","og_type":"article","og_title":"The team - EFDB","og_description":"of the \u00c9cole Fran\u00e7aise de B\u00e2leOrganisation chartOrganisation chart EFDB School Principal : Fr\u00e9d\u00e9ric FOURT Daycare Director\u00a0: Laura GEISS Administrative and Extra-Curricular Director : Anne-Sophie RINGENBACH Financial Director : G\u00e9rard BOUELE Assistant to the Administrative and Extra-Curricular Director - Maternelle : Caroline KLEIN Pedagogical Assistant to the Administrative and Extra-Curricular Director - Elementary school : Oc\u00e9ane [&hellip;]","og_url":"https:\/\/www.efdb.ch\/en\/the-team-2\/","og_site_name":"EFDB","article_modified_time":"2026-09-02T13:25:14+00:00","twitter_card":"summary_large_image","twitter_misc":{"Est. reading time":"6 minutes"},"schema":{"@context":"https:\/\/schema.org","@graph":[{"@type":"WebPage","@id":"https:\/\/www.efdb.ch\/en\/the-team-2\/","url":"https:\/\/www.efdb.ch\/en\/the-team-2\/","name":"The team - EFDB","isPartOf":{"@id":"https:\/\/www.efdb.ch\/en\/#website"},"datePublished":"2022-09-01T12:00:03+00:00","dateModified":"2026-09-02T13:25:14+00:00","breadcrumb":{"@id":"https:\/\/www.efdb.ch\/en\/the-team-2\/#breadcrumb"},"inLanguage":"en-US","potentialAction":[{"@type":"ReadAction","target":["https:\/\/www.efdb.ch\/en\/the-team-2\/"]}]},{"@type":"BreadcrumbList","@id":"https:\/\/www.efdb.ch\/en\/the-team-2\/#breadcrumb","itemListElement":[{"@type":"ListItem","position":1,"name":"Accueil","item":"https:\/\/www.efdb.ch\/en\/"},{"@type":"ListItem","position":2,"name":"The team"}]},{"@type":"WebSite","@id":"https:\/\/www.efdb.ch\/en\/#website","url":"https:\/\/www.efdb.ch\/en\/","name":"EFDB","description":"\u00c9cole fran\u00e7aise de B\u00e2le","potentialAction":[{"@type":"SearchAction","target":{"@type":"EntryPoint","urlTemplate":"https:\/\/www.efdb.ch\/en\/?s={search_term_string}"},"query-input":{"@type":"PropertyValueSpecification","valueRequired":true,"valueName":"search_term_string"}}],"inLanguage":"en-US"}]}},"_links":{"self":[{"href":"https:\/\/www.efdb.ch\/en\/wp-json\/wp\/v2\/pages\/15439","targetHints":{"allow":["GET"]}}],"collection":[{"href":"https:\/\/www.efdb.ch\/en\/wp-json\/wp\/v2\/pages"}],"about":[{"href":"https:\/\/www.efdb.ch\/en\/wp-json\/wp\/v2\/types\/page"}],"author":[{"embeddable":true,"href":"https:\/\/www.efdb.ch\/en\/wp-json\/wp\/v2\/users\/1"}],"replies":[{"embeddable":true,"href":"https:\/\/www.efdb.ch\/en\/wp-json\/wp\/v2\/comments?post=15439"}],"version-history":[{"count":147,"href":"https:\/\/www.efdb.ch\/en\/wp-json\/wp\/v2\/pages\/15439\/revisions"}],"predecessor-version":[{"id":24015,"href":"https:\/\/www.efdb.ch\/en\/wp-json\/wp\/v2\/pages\/15439\/revisions\/24015"}],"wp:attachment":[{"href":"https:\/\/www.efdb.ch\/en\/wp-json\/wp\/v2\/media?parent=15439"}],"curies":[{"name":"wp","href":"https:\/\/api.w.org\/{rel}","templated":true}]}}