{"id":2052,"date":"2018-01-30T18:59:49","date_gmt":"2018-01-30T17:59:49","guid":{"rendered":"http:\/\/pprspnga.preview.infomaniak.website\/?page_id=2052"},"modified":"2025-05-07T22:15:48","modified_gmt":"2025-05-07T20:15:48","slug":"home-2","status":"publish","type":"page","link":"https:\/\/www.efdb.ch\/de\/","title":{"rendered":"Willkommen"},"content":{"rendered":"<p>[et_pb_section fb_built=&#8220;1&#8243; fullwidth=&#8220;on&#8220; admin_label=&#8220;section&#8220; _builder_version=&#8220;4.16&#8243; custom_padding=&#8220;0px|0px|0px|0px&#8220; transparent_background=&#8220;off&#8220; global_colors_info=&#8220;{}&#8220;][et_pb_fullwidth_slider admin_label=&#8220;Fullwidth Slider&#8220; _builder_version=&#8220;4.27.4&#8243; header_line_height=&#8220;1.4em&#8220; body_line_height=&#8220;1.8em&#8220; background_position=&#8220;top_left&#8220; custom_padding=&#8220;200px||201px||false|&#8220; custom_padding_tablet=&#8220;|||&#8220; global_colors_info=&#8220;{}&#8220; button_text_size__hover_enabled=&#8220;off&#8220; button_one_text_size__hover_enabled=&#8220;off&#8220; button_two_text_size__hover_enabled=&#8220;off&#8220; button_text_color__hover_enabled=&#8220;off&#8220; button_one_text_color__hover_enabled=&#8220;off&#8220; button_two_text_color__hover_enabled=&#8220;off&#8220; button_border_width__hover_enabled=&#8220;off&#8220; button_one_border_width__hover_enabled=&#8220;off&#8220; button_two_border_width__hover_enabled=&#8220;off&#8220; button_border_color__hover_enabled=&#8220;off&#8220; button_one_border_color__hover_enabled=&#8220;off&#8220; button_two_border_color__hover_enabled=&#8220;off&#8220; button_border_radius__hover_enabled=&#8220;off&#8220; button_one_border_radius__hover_enabled=&#8220;off&#8220; button_two_border_radius__hover_enabled=&#8220;off&#8220; button_letter_spacing__hover_enabled=&#8220;off&#8220; button_one_letter_spacing__hover_enabled=&#8220;off&#8220; button_two_letter_spacing__hover_enabled=&#8220;off&#8220; button_bg_color__hover_enabled=&#8220;off&#8220; button_one_bg_color__hover_enabled=&#8220;off&#8220; button_two_bg_color__hover_enabled=&#8220;off&#8220;][et_pb_slide heading=&#8220;Willkommen in der \u00c9cole Fran\u00e7aise de B\u00e2le&#8220; button_text=&#8220;Mehr dazu&#8220; button_link=&#8220;https:\/\/www.efdb.ch\/de\/ueber-uns\/&#8220; use_bg_overlay=&#8220;on&#8220; bg_overlay_color=&#8220;rgba(0,0,0,0.4)&#8220; use_text_overlay=&#8220;off&#8220; arrows_custom_color=&#8220;#ffffff&#8220; dot_nav_custom_color=&#8220;#ffffff&#8220; _builder_version=&#8220;4.19.4&#8243; header_font=&#8220;||||&#8220; body_font=&#8220;||||&#8220; background_color=&#8220;#ffffff&#8220; use_background_color_gradient=&#8220;on&#8220; background_image=&#8220;https:\/\/www.efdb.ch\/wp-content\/uploads\/2019\/10\/DSC7101.jpg&#8220; background_enable_image=&#8220;on&#8220; background_video_width=&#8220;1920&#8243; background_video_height=&#8220;638&#8243; button_on_hover=&#8220;on&#8220; global_colors_info=&#8220;{}&#8220; button_text_size__hover_enabled=&#8220;off&#8220; button_one_text_size__hover_enabled=&#8220;off&#8220; button_two_text_size__hover_enabled=&#8220;off&#8220; button_text_color__hover_enabled=&#8220;off&#8220; button_one_text_color__hover_enabled=&#8220;off&#8220; button_two_text_color__hover_enabled=&#8220;off&#8220; button_border_width__hover_enabled=&#8220;off&#8220; button_one_border_width__hover_enabled=&#8220;off&#8220; button_two_border_width__hover_enabled=&#8220;off&#8220; button_border_color__hover_enabled=&#8220;off&#8220; button_one_border_color__hover_enabled=&#8220;off&#8220; button_two_border_color__hover_enabled=&#8220;off&#8220; button_border_radius__hover_enabled=&#8220;off&#8220; button_one_border_radius__hover_enabled=&#8220;off&#8220; button_two_border_radius__hover_enabled=&#8220;off&#8220; button_letter_spacing__hover_enabled=&#8220;off&#8220; button_one_letter_spacing__hover_enabled=&#8220;off&#8220; button_two_letter_spacing__hover_enabled=&#8220;off&#8220; button_bg_color__hover_enabled=&#8220;off&#8220; button_one_bg_color__hover_enabled=&#8220;off&#8220; button_two_bg_color__hover_enabled=&#8220;off&#8220; sticky_transition=&#8220;on&#8220;]Amtlich anerkannte Einrichtung, sowohl vom franz\u00f6sischen Erziehungsministerium als auch von der AEFE (Agentur f\u00fcr das franz\u00f6sische Auslandsschulwesen \u2013 Zweig des Ausw\u00e4rtigen Amts)<br \/>Die Schule bietet eine einzigartige Umgebung zur Entfaltung und Ausbildung f\u00fcr Kinder im Alter von 3 Monaten bis zu 12 Jahren.[\/et_pb_slide][et_pb_slide heading=&#8220;Cr\u00e8che %22Petite Bulle%22&#8243; button_text=&#8220;Mehr dazu&#8220; button_link=&#8220;https:\/\/www.efdb.ch\/de\/kinderkrippe\/&#8220; use_bg_overlay=&#8220;on&#8220; bg_overlay_color=&#8220;rgba(22,22,22,0.4)&#8220; use_text_overlay=&#8220;off&#8220; _builder_version=&#8220;4.19.4&#8243; background_color=&#8220;#ffffff&#8220; use_background_color_gradient=&#8220;on&#8220; background_image=&#8220;https:\/\/www.efdb.ch\/wp-content\/uploads\/2019\/10\/DSC6865.jpg&#8220; background_enable_image=&#8220;on&#8220; button_on_hover=&#8220;on&#8220; global_colors_info=&#8220;{}&#8220; button_text_size__hover_enabled=&#8220;off&#8220; button_one_text_size__hover_enabled=&#8220;off&#8220; button_two_text_size__hover_enabled=&#8220;off&#8220; button_text_color__hover_enabled=&#8220;off&#8220; button_one_text_color__hover_enabled=&#8220;off&#8220; button_two_text_color__hover_enabled=&#8220;off&#8220; button_border_width__hover_enabled=&#8220;off&#8220; button_one_border_width__hover_enabled=&#8220;off&#8220; button_two_border_width__hover_enabled=&#8220;off&#8220; button_border_color__hover_enabled=&#8220;off&#8220; button_one_border_color__hover_enabled=&#8220;off&#8220; button_two_border_color__hover_enabled=&#8220;off&#8220; button_border_radius__hover_enabled=&#8220;off&#8220; button_one_border_radius__hover_enabled=&#8220;off&#8220; button_two_border_radius__hover_enabled=&#8220;off&#8220; button_letter_spacing__hover_enabled=&#8220;off&#8220; button_one_letter_spacing__hover_enabled=&#8220;off&#8220; button_two_letter_spacing__hover_enabled=&#8220;off&#8220; button_bg_color__hover_enabled=&#8220;off&#8220; button_one_bg_color__hover_enabled=&#8220;off&#8220; button_two_bg_color__hover_enabled=&#8220;off&#8220; sticky_transition=&#8220;on&#8220;]<\/p><p>Jedem Kind einen pers\u00f6nlichen Rahmen bieten, der seiner Entwicklung und seinem Rhythmus entspricht.<\/p><p>[\/et_pb_slide][et_pb_slide heading=&#8220;Kindergarten&#8220; button_text=&#8220;Mehr dazu&#8220; button_link=&#8220;https:\/\/www.efdb.ch\/de\/kindergarten\/&#8220; use_bg_overlay=&#8220;on&#8220; bg_overlay_color=&#8220;rgba(22,22,22,0.4)&#8220; use_text_overlay=&#8220;off&#8220; _builder_version=&#8220;4.19.4&#8243; background_color=&#8220;#ffffff&#8220; use_background_color_gradient=&#8220;on&#8220; background_image=&#8220;https:\/\/www.efdb.ch\/wp-content\/uploads\/2019\/10\/DSC6831.jpg&#8220; background_enable_image=&#8220;on&#8220; button_on_hover=&#8220;on&#8220; global_colors_info=&#8220;{}&#8220; button_text_size__hover_enabled=&#8220;off&#8220; button_one_text_size__hover_enabled=&#8220;off&#8220; button_two_text_size__hover_enabled=&#8220;off&#8220; button_text_color__hover_enabled=&#8220;off&#8220; button_one_text_color__hover_enabled=&#8220;off&#8220; button_two_text_color__hover_enabled=&#8220;off&#8220; button_border_width__hover_enabled=&#8220;off&#8220; button_one_border_width__hover_enabled=&#8220;off&#8220; button_two_border_width__hover_enabled=&#8220;off&#8220; button_border_color__hover_enabled=&#8220;off&#8220; button_one_border_color__hover_enabled=&#8220;off&#8220; button_two_border_color__hover_enabled=&#8220;off&#8220; button_border_radius__hover_enabled=&#8220;off&#8220; button_one_border_radius__hover_enabled=&#8220;off&#8220; button_two_border_radius__hover_enabled=&#8220;off&#8220; button_letter_spacing__hover_enabled=&#8220;off&#8220; button_one_letter_spacing__hover_enabled=&#8220;off&#8220; button_two_letter_spacing__hover_enabled=&#8220;off&#8220; button_bg_color__hover_enabled=&#8220;off&#8220; button_one_bg_color__hover_enabled=&#8220;off&#8220; button_two_bg_color__hover_enabled=&#8220;off&#8220; sticky_transition=&#8220;on&#8220;]<\/p><p>Jedem Kind dabei helfen, selbst\u00e4ndig zu werden und sich F\u00e4higkeiten und Fertigkeiten f\u00fcr den \u00dcbertritt in die Primarschule anzueignen.<\/p><p>[\/et_pb_slide][et_pb_slide heading=&#8220;Primarschule&#8220; button_text=&#8220;Mehr dazu&#8220; button_link=&#8220;https:\/\/www.efdb.ch\/de\/primarschule-2\/&#8220; use_bg_overlay=&#8220;on&#8220; bg_overlay_color=&#8220;rgba(22,22,22,0.4)&#8220; use_text_overlay=&#8220;off&#8220; _builder_version=&#8220;4.27.4&#8243; background_color=&#8220;#ffffff&#8220; use_background_color_gradient=&#8220;on&#8220; background_image=&#8220;https:\/\/www.efdb.ch\/wp-content\/uploads\/2019\/10\/DSC7036.jpg&#8220; background_enable_image=&#8220;on&#8220; button_on_hover=&#8220;on&#8220; global_colors_info=&#8220;{}&#8220; button_text_size__hover_enabled=&#8220;off&#8220; button_one_text_size__hover_enabled=&#8220;off&#8220; button_two_text_size__hover_enabled=&#8220;off&#8220; button_text_color__hover_enabled=&#8220;off&#8220; button_one_text_color__hover_enabled=&#8220;off&#8220; button_two_text_color__hover_enabled=&#8220;off&#8220; button_border_width__hover_enabled=&#8220;off&#8220; button_one_border_width__hover_enabled=&#8220;off&#8220; button_two_border_width__hover_enabled=&#8220;off&#8220; button_border_color__hover_enabled=&#8220;off&#8220; button_one_border_color__hover_enabled=&#8220;off&#8220; button_two_border_color__hover_enabled=&#8220;off&#8220; button_border_radius__hover_enabled=&#8220;off&#8220; button_one_border_radius__hover_enabled=&#8220;off&#8220; button_two_border_radius__hover_enabled=&#8220;off&#8220; button_letter_spacing__hover_enabled=&#8220;off&#8220; button_one_letter_spacing__hover_enabled=&#8220;off&#8220; button_two_letter_spacing__hover_enabled=&#8220;off&#8220; button_bg_color__hover_enabled=&#8220;off&#8220; button_one_bg_color__hover_enabled=&#8220;off&#8220; button_two_bg_color__hover_enabled=&#8220;off&#8220; sticky_transition=&#8220;on&#8220;]<\/p><p>R\u00fccksichtnahme auf die vielf\u00e4ltigen und unterschiedlichen F\u00e4higkeiten aller Sch\u00fclerinnen und Sch\u00fcler. F\u00f6rderung des logischen und strategischen Denkens, der Beobachtungsgabe, der Lust am Experimentieren sowie der Kreativit\u00e4t und der Fantasie.<\/p><p>[\/et_pb_slide][et_pb_slide heading=&#8220;6\u00e8me &#8220; button_text=&#8220;Mehr dazu&#8220; button_link=&#8220;https:\/\/www.efdb.ch\/de\/6-klasse\/&#8220; use_bg_overlay=&#8220;on&#8220; bg_overlay_color=&#8220;rgba(22,22,22,0.4)&#8220; use_text_overlay=&#8220;off&#8220; _builder_version=&#8220;4.27.4&#8243; background_color=&#8220;#ffffff&#8220; use_background_color_gradient=&#8220;on&#8220; background_image=&#8220;https:\/\/www.efdb.ch\/wp-content\/uploads\/2019\/10\/DSC7052-e1572211332974.jpg&#8220; background_enable_image=&#8220;on&#8220; button_on_hover=&#8220;on&#8220; global_colors_info=&#8220;{}&#8220; button_text_size__hover_enabled=&#8220;off&#8220; button_one_text_size__hover_enabled=&#8220;off&#8220; button_two_text_size__hover_enabled=&#8220;off&#8220; button_text_color__hover_enabled=&#8220;off&#8220; button_one_text_color__hover_enabled=&#8220;off&#8220; button_two_text_color__hover_enabled=&#8220;off&#8220; button_border_width__hover_enabled=&#8220;off&#8220; button_one_border_width__hover_enabled=&#8220;off&#8220; button_two_border_width__hover_enabled=&#8220;off&#8220; button_border_color__hover_enabled=&#8220;off&#8220; button_one_border_color__hover_enabled=&#8220;off&#8220; button_two_border_color__hover_enabled=&#8220;off&#8220; button_border_radius__hover_enabled=&#8220;off&#8220; button_one_border_radius__hover_enabled=&#8220;off&#8220; button_two_border_radius__hover_enabled=&#8220;off&#8220; button_letter_spacing__hover_enabled=&#8220;off&#8220; button_one_letter_spacing__hover_enabled=&#8220;off&#8220; button_two_letter_spacing__hover_enabled=&#8220;off&#8220; button_bg_color__hover_enabled=&#8220;off&#8220; button_one_bg_color__hover_enabled=&#8220;off&#8220; button_two_bg_color__hover_enabled=&#8220;off&#8220; sticky_transition=&#8220;on&#8220;]<\/p><p>Entwicklung des logischen und strategischen Denkens, F\u00f6rderung des Urteilsverm\u00f6gens, der Beobachtungsgabe, der Experimentierfreude und der kreativen Vorstellungskraft. Vertiefung der einzelnen F\u00e4cher. Sich eine gewisse Gr\u00fcndlichkeit aneignen.<\/p><p>[\/et_pb_slide][\/et_pb_fullwidth_slider][\/et_pb_section][et_pb_section fb_built=&#8220;1&#8243; _builder_version=&#8220;4.16&#8243; global_colors_info=&#8220;{}&#8220;][et_pb_row _builder_version=&#8220;4.16&#8243; custom_padding=&#8220;28px|0px|28px|0px&#8220; global_colors_info=&#8220;{}&#8220;][et_pb_column type=&#8220;4_4&#8243; _builder_version=&#8220;4.16&#8243; custom_padding=&#8220;|||&#8220; global_colors_info=&#8220;{}&#8220; custom_padding__hover=&#8220;|||&#8220;][et_pb_cta title=&#8220;Sie w\u00fcnschen mehr Information oder wollen Ihr Kind anmelden?&#8220; button_url=&#8220;https:\/\/www.efdb.ch\/de\/anmeldung\/&#8220; button_text=&#8220;Erfahren Sie mehr dazu hier&#8220; _builder_version=&#8220;4.19.4&#8243; header_font=&#8220;||||||||&#8220; use_background_color=&#8220;off&#8220; custom_button=&#8220;on&#8220; button_text_color=&#8220;#ffffff&#8220; button_font=&#8220;||||||||&#8220; background_layout=&#8220;light&#8220; global_colors_info=&#8220;{}&#8220; button_text_size__hover_enabled=&#8220;off&#8220; button_one_text_size__hover_enabled=&#8220;off&#8220; button_two_text_size__hover_enabled=&#8220;off&#8220; button_text_color__hover_enabled=&#8220;off&#8220; button_one_text_color__hover_enabled=&#8220;off&#8220; button_two_text_color__hover_enabled=&#8220;off&#8220; button_border_width__hover_enabled=&#8220;off&#8220; button_one_border_width__hover_enabled=&#8220;off&#8220; button_two_border_width__hover_enabled=&#8220;off&#8220; button_border_color__hover_enabled=&#8220;off&#8220; button_one_border_color__hover_enabled=&#8220;off&#8220; button_two_border_color__hover_enabled=&#8220;off&#8220; button_border_radius__hover_enabled=&#8220;off&#8220; button_one_border_radius__hover_enabled=&#8220;off&#8220; button_two_border_radius__hover_enabled=&#8220;off&#8220; button_letter_spacing__hover_enabled=&#8220;off&#8220; button_one_letter_spacing__hover_enabled=&#8220;off&#8220; button_two_letter_spacing__hover_enabled=&#8220;off&#8220; button_bg_color__hover_enabled=&#8220;off&#8220; button_one_bg_color__hover_enabled=&#8220;off&#8220; button_two_bg_color__hover_enabled=&#8220;off&#8220;]<\/p><p><strong>Welche Schritte sind f\u00fcr die Anmeldung erforderlich?<\/strong> <br \/><strong>Wie sieht der Schulkalender der Franz\u00f6sischen Schule in Basel aus?<\/strong> <br \/><strong>Wie hoch ist das Schulgeld (Einschreibegeb\u00fchr)? Und welche finanziellen Hilfen gibt es?<\/strong><\/p><p>[\/et_pb_cta][\/et_pb_column][\/et_pb_row][\/et_pb_section][et_pb_section fb_built=&#8220;1&#8243; _builder_version=&#8220;4.16&#8243; background_color=&#8220;#f7f4f4&#8243; global_colors_info=&#8220;{}&#8220;][et_pb_row _builder_version=&#8220;4.16&#8243; global_colors_info=&#8220;{}&#8220;][et_pb_column type=&#8220;4_4&#8243; _builder_version=&#8220;4.16&#8243; global_colors_info=&#8220;{}&#8220;][et_pb_cta title=&#8220;Die EFDB entwickelt sich weiter&#8220; button_url=&#8220;https:\/\/www.efdb.ch\/de\/ueber-uns\/unterstuetzung-der-efdb\/&#8220; button_text=&#8220;Unterst\u00fctzen Sie die EFDB&#8220; admin_label=&#8220;Appel d&#039;action&#8220; _builder_version=&#8220;4.16&#8243; header_font=&#8220;||||||||&#8220; use_background_color=&#8220;off&#8220; custom_button=&#8220;on&#8220; button_text_color=&#8220;#ffffff&#8220; button_font=&#8220;||||||||&#8220; background_layout=&#8220;light&#8220; global_colors_info=&#8220;{}&#8220; button_text_size__hover_enabled=&#8220;off&#8220; button_one_text_size__hover_enabled=&#8220;off&#8220; button_two_text_size__hover_enabled=&#8220;off&#8220; button_text_color__hover_enabled=&#8220;off&#8220; button_one_text_color__hover_enabled=&#8220;off&#8220; button_two_text_color__hover_enabled=&#8220;off&#8220; button_border_width__hover_enabled=&#8220;off&#8220; button_one_border_width__hover_enabled=&#8220;off&#8220; button_two_border_width__hover_enabled=&#8220;off&#8220; button_border_color__hover_enabled=&#8220;off&#8220; button_one_border_color__hover_enabled=&#8220;off&#8220; button_two_border_color__hover_enabled=&#8220;off&#8220; button_border_radius__hover_enabled=&#8220;off&#8220; button_one_border_radius__hover_enabled=&#8220;off&#8220; button_two_border_radius__hover_enabled=&#8220;off&#8220; button_letter_spacing__hover_enabled=&#8220;off&#8220; button_one_letter_spacing__hover_enabled=&#8220;off&#8220; button_two_letter_spacing__hover_enabled=&#8220;off&#8220; button_bg_color__hover_enabled=&#8220;off&#8220; button_one_bg_color__hover_enabled=&#8220;off&#8220; button_two_bg_color__hover_enabled=&#8220;off&#8220;]<strong>Wir haben 2020 eine 6. Klasse hinzugef\u00fcgt und heissen neue Sch\u00fclerinnen und Sch\u00fcler willkommen.<\/strong><br \/><strong>Wir haben viele Nebenprojekte, und wir bitten Sie<\/strong><strong>, uns bei der Realisierung zu helfen.<\/strong>[\/et_pb_cta][\/et_pb_column][\/et_pb_row][\/et_pb_section][et_pb_section fb_built=&#8220;1&#8243; _builder_version=&#8220;4.16&#8243; global_colors_info=&#8220;{}&#8220;][et_pb_row column_structure=&#8220;1_2,1_2&#8243; _builder_version=&#8220;4.16&#8243; global_colors_info=&#8220;{}&#8220;][et_pb_column type=&#8220;1_2&#8243; _builder_version=&#8220;4.16&#8243; custom_padding=&#8220;|||&#8220; global_colors_info=&#8220;{}&#8220; custom_padding__hover=&#8220;|||&#8220;][et_pb_video src=&#8220;https:\/\/youtu.be\/hNK-hnMzBpo&#8220; _builder_version=&#8220;4.16&#8243; global_colors_info=&#8220;{}&#8220;]<br \/>[\/et_pb_video][\/et_pb_column][et_pb_column type=&#8220;1_2&#8243; _builder_version=&#8220;4.16&#8243; custom_padding=&#8220;|||&#8220; global_colors_info=&#8220;{}&#8220; custom_padding__hover=&#8220;|||&#8220;][et_pb_text admin_label=&#8220;D\u00e9couvrir l&#8217;EFDB&#8220; _builder_version=&#8220;4.27.4&#8243; hover_enabled=&#8220;0&#8243; global_colors_info=&#8220;{}&#8220; sticky_enabled=&#8220;0&#8243;]<\/p><h2>Entdecken Sie die \u00c9cole Fran\u00e7aise de B\u00e2le<\/h2><p>Die Ecole Fran\u00e7aise de B\u00e2le wurde 1884 gegr\u00fcndet. Sie heisst die Kinder ab dem Alter von 3 Monaten bis zum 12. Lebensjahr, unabh\u00e4ngig von ihrer Nationalit\u00e4t oder ihrem Wohnort willkommen. Sie umfasst eine <a href=\"https:\/\/www.efdb.ch\/de\/kinderkrippe\/\">Kinderkrippe<\/a>, einen <a href=\"https:\/\/www.efdb.ch\/de\/kindergarten\/\">Kindergarten<\/a>, eine <a href=\"https:\/\/www.efdb.ch\/de\/primarschule-2\/\">Primarschule<\/a> und eine <a href=\"https:\/\/www.efdb.ch\/de\/6-klasse\/\">6. Klasse<\/a>.<\/p><div class=\"page\" title=\"Page 3\"><div class=\"section\"><div class=\"layoutArea\"><div class=\"column\">Als einzige Schule im Kanton, die von der Agence de l&#8217;Enseignement Fran\u00e7ais \u00e0 l&#8217;Etranger (AEFE) zertifiziert ist, steht sie ebenfalls unter der Aufsicht des ED (Erziehungsdepartement) Basel-Stadt und der Acad\u00e9mie de Strasbourg (Schulaufsichtsbeh\u00f6rde der D\u00e9partements Bas-Rhin und Haut-Rhin).<\/div><div>\u00a0<\/div><div class=\"column\">Durch unseren hochwertigen Unterricht und unsere Weltoffenheit bieten wir einem internationalen Publikum den Zugang zur franz\u00f6sischen Kultur und ihrem Bildungsmodell.<\/div><\/div><\/div><\/div><p>&nbsp;<\/p><h2>Folgen Sie uns auf Social Media<\/h2><p><a href=\"https:\/\/www.facebook.com\/EcoleFrancaiseDeBale\/?locale=fr_FR\">Facebook<\/a> &#8211; <a href=\"https:\/\/www.instagram.com\/ecole_francaise_basel_efdb\/?igsh=bGowaDgwN3NnbG11\">Instagram<\/a> &#8211; <a href=\"https:\/\/www.linkedin.com\/company\/11544710\/admin\/dashboard\/\">LinkedIn<\/a><\/p><p>[\/et_pb_text][\/et_pb_column][\/et_pb_row][\/et_pb_section][et_pb_section fb_built=&#8220;1&#8243; _builder_version=&#8220;4.16&#8243; background_color=&#8220;#d10a11&#8243; global_colors_info=&#8220;{}&#8220;][et_pb_row _builder_version=&#8220;4.16&#8243; background_size=&#8220;initial&#8220; background_position=&#8220;top_left&#8220; background_repeat=&#8220;repeat&#8220; global_colors_info=&#8220;{}&#8220;][et_pb_column type=&#8220;4_4&#8243; _builder_version=&#8220;4.16&#8243; custom_padding=&#8220;|||&#8220; global_colors_info=&#8220;{}&#8220; custom_padding__hover=&#8220;|||&#8220;][et_pb_text admin_label=&#8220;Notre association&#8220; _builder_version=&#8220;4.16&#8243; background_layout=&#8220;dark&#8220; global_colors_info=&#8220;{}&#8220;]<\/p><h2 style=\"text-align: center;\">Unser Verein<\/h2><p style=\"text-align: center;\">Die Ecole Fran\u00e7aise de B\u00e2le ist eine private Einrichtung nach schweizerischem Vereinsrecht.<br \/>Das Bestreben unserer Schule ist es, in allen Aufgaben und T\u00e4tigkeiten als Referenz innerhalb des franz\u00f6sischen und laizistischen Bildungswesens zu gelten.<\/p><p>[\/et_pb_text][\/et_pb_column][\/et_pb_row][et_pb_row column_structure=&#8220;1_3,1_3,1_3&#8243; _builder_version=&#8220;4.16&#8243; background_size=&#8220;initial&#8220; background_position=&#8220;top_left&#8220; background_repeat=&#8220;repeat&#8220; global_colors_info=&#8220;{}&#8220;][et_pb_column type=&#8220;1_3&#8243; _builder_version=&#8220;4.16&#8243; custom_padding=&#8220;|||&#8220; global_colors_info=&#8220;{}&#8220; custom_padding__hover=&#8220;|||&#8220;][et_pb_blurb title=&#8220;Eltern&#8220; image=&#8220;https:\/\/www.efdb.ch\/wp-content\/uploads\/2018\/02\/parents.png&#8220; admin_label=&#8220;Parents&#8220; _builder_version=&#8220;4.16&#8243; header_font=&#8220;|700|||||||&#8220; header_font_size=&#8220;24&#8243; body_font=&#8220;|600|||||||&#8220; text_orientation=&#8220;center&#8220; background_layout=&#8220;dark&#8220; header_font_size_tablet=&#8220;&#8220; header_font_size_phone=&#8220;&#8220; header_font_size_last_edited=&#8220;on|desktop&#8220; global_colors_info=&#8220;{}&#8220;]Die Eltern verfolgen die Entwicklung ihrer Kinder. Sie k\u00f6nnen im Rahmen des Schulrats am Schulleben teilnehmen.<br \/>[\/et_pb_blurb][\/et_pb_column][et_pb_column type=&#8220;1_3&#8243; _builder_version=&#8220;4.16&#8243; custom_padding=&#8220;|||&#8220; global_colors_info=&#8220;{}&#8220; custom_padding__hover=&#8220;|||&#8220;][et_pb_blurb title=&#8220;Schulleitung und Lehrpersonal&#8220; image=&#8220;https:\/\/www.efdb.ch\/wp-content\/uploads\/2018\/02\/direction-p\u00e9dagogique-et-equipe-\u00e9ducative.png&#8220; admin_label=&#8220;Direction&#8220; _builder_version=&#8220;4.16&#8243; header_font=&#8220;|700|||||||&#8220; header_font_size=&#8220;24&#8243; body_font=&#8220;|600|||||||&#8220; text_orientation=&#8220;center&#8220; background_layout=&#8220;dark&#8220; header_font_size_tablet=&#8220;&#8220; header_font_size_phone=&#8220;&#8220; header_font_size_last_edited=&#8220;on|phone&#8220; global_colors_info=&#8220;{}&#8220;]Die Schulleitung und das Lehrpersonal gew\u00e4hrleisten die Durchf\u00fchrung des Unterrichts sowie die Aktualisierung und Koh\u00e4renz der Lehrplans.<br \/>[\/et_pb_blurb][\/et_pb_column][et_pb_column type=&#8220;1_3&#8243; _builder_version=&#8220;4.16&#8243; custom_padding=&#8220;|||&#8220; global_colors_info=&#8220;{}&#8220; custom_padding__hover=&#8220;|||&#8220;][et_pb_blurb title=&#8220;Schulvorstand&#8220; image=&#8220;https:\/\/www.efdb.ch\/wp-content\/uploads\/2018\/02\/comit\u00e9-de-gestion.png&#8220; admin_label=&#8220;Comit\u00e9 de Gestion&#8220; _builder_version=&#8220;4.16&#8243; header_font=&#8220;|700|||||||&#8220; header_font_size=&#8220;24&#8243; body_font=&#8220;|600|||||||&#8220; text_orientation=&#8220;center&#8220; background_layout=&#8220;dark&#8220; header_font_size_tablet=&#8220;&#8220; header_font_size_phone=&#8220;&#8220; header_font_size_last_edited=&#8220;on|phone&#8220; global_colors_info=&#8220;{}&#8220;]Der Vorstand verpflichtet sich, die Schule aktiv zu verwalten und zu unterst\u00fctzen.<br \/>[\/et_pb_blurb][\/et_pb_column][\/et_pb_row][\/et_pb_section][et_pb_section fb_built=&#8220;1&#8243; _builder_version=&#8220;4.16&#8243; global_colors_info=&#8220;{}&#8220;][et_pb_row column_structure=&#8220;1_2,1_2&#8243; _builder_version=&#8220;4.16&#8243; background_size=&#8220;initial&#8220; background_position=&#8220;top_left&#8220; background_repeat=&#8220;repeat&#8220; global_colors_info=&#8220;{}&#8220;][et_pb_column type=&#8220;1_2&#8243; _builder_version=&#8220;4.16&#8243; custom_padding=&#8220;|||&#8220; global_colors_info=&#8220;{}&#8220; custom_padding__hover=&#8220;|||&#8220;][et_pb_text admin_label=&#8220;Objectifs et missions&#8220; _builder_version=&#8220;4.27.4&#8243; global_colors_info=&#8220;{}&#8220;]<\/p><h2>Unsere Ziele<\/h2><p><strong>+<\/strong> Den Kindern eine auf humanit\u00e4ren Werten basierende Ausbildung erm\u00f6glichen:<\/p><p style=\"padding-left: 40px;\">\u2022 Respekt und Gemeinschaftsleben erlernen<br \/>\u2022 Selbstvertrauen durch das Erkennen der eigenen Fortschritte gewinnen<br \/>\u2022 sich der Welt gegen\u00fcber \u00f6ffnen und kritischen Geist entwickeln<\/p><p><strong>+<\/strong> das Erlernen der franz\u00f6sischen Sprache stimulieren und festigen<br \/><strong>+<\/strong> Sprachkompetenzen dank des regelm\u00e4ssigen Deutsch- und Englischunterrichts entwickeln<br \/><strong>+<\/strong> diverse k\u00fcnstlerische Aktivit\u00e4ten aus\u00fcben und somit einen Zugang zur Welt der Kunst schaffen.<\/p><h2>Unsere Mission<\/h2><p><strong>+<\/strong> Aufnahme der Kinder von franz\u00f6sischen, frankophonen und nicht-frankophonen Expats, sowie von Schweizer und ausl\u00e4ndischen Kindern, welche in Basel und Umgebung ans\u00e4ssig sind.<br \/><strong>+<\/strong> Vermittlung der Lehrinhalte des offiziellen Lehrplans des franz\u00f6sischen Bildungsministeriums.<br \/><strong>+<\/strong> F\u00f6rderung der kulturellen und sprachlichen Offenheit<br \/>(Franz\u00f6sisch, Deutsch, Englisch)<\/p><p>Die Ecole Fran\u00e7aise de B\u00e2le ist eine Partnerschule der <strong>A<\/strong>gence pour l&#8216;<strong>E<\/strong>nseignement <strong>F<\/strong>ran\u00e7ais \u00e0 l&#8216;<strong>E<\/strong>tranger (AEFE), der Agentur fu\u0308r das franzo\u0308sische Auslandsschulwesen. Sie ist der Zone Mittel- und Osteuropa der AEFE zugeordnet (<a href=\"https:\/\/aefe-zeco.net\/\"><strong>https:\/\/aefe-zeco.net\/<\/strong><\/a>).<\/p><p><iframe loading=\"lazy\" title=\"L&#039;enseignement fran\u00e7ais \u00e0 l&#039;\u00e9tranger : leurs t\u00e9moignages, sous-titres en anglais\" width=\"1080\" height=\"608\" src=\"https:\/\/www.youtube.com\/embed\/e0uh3woyHik?start=8&#038;feature=oembed\"  allow=\"accelerometer; autoplay; clipboard-write; encrypted-media; gyroscope; picture-in-picture\" allowfullscreen><\/iframe><\/p><p>[\/et_pb_text][\/et_pb_column][et_pb_column type=&#8220;1_2&#8243; _builder_version=&#8220;4.16&#8243; custom_padding=&#8220;|||&#8220; global_colors_info=&#8220;{}&#8220; custom_padding__hover=&#8220;|||&#8220;][et_pb_image src=&#8220;https:\/\/www.efdb.ch\/wp-content\/uploads\/2019\/10\/DSC6934.jpg&#8220; align_tablet=&#8220;center&#8220; align_phone=&#8220;&#8220; align_last_edited=&#8220;on|desktop&#8220; _builder_version=&#8220;4.16&#8243; global_colors_info=&#8220;{}&#8220;]<br \/>[\/et_pb_image][et_pb_image src=&#8220;https:\/\/www.efdb.ch\/wp-content\/uploads\/2021\/09\/delf-goethe-cambridge-combines-1.png&#8220; alt=&#8220;Zertifizierung&#8220; title_text=&#8220;delf goethe cambridge combin\u00e9s&#8220; _builder_version=&#8220;4.16&#8243; _module_preset=&#8220;default&#8220; global_colors_info=&#8220;{}&#8220;][\/et_pb_image][\/et_pb_column][\/et_pb_row][\/et_pb_section][et_pb_section fb_built=&#8220;1&#8243; _builder_version=&#8220;4.16&#8243; background_color=&#8220;#5e89c4&#8243; custom_margin=&#8220;||0px|&#8220; custom_padding=&#8220;||0px|&#8220; global_colors_info=&#8220;{}&#8220;][et_pb_row _builder_version=&#8220;4.16&#8243; global_colors_info=&#8220;{}&#8220;][et_pb_column type=&#8220;4_4&#8243; _builder_version=&#8220;4.16&#8243; custom_padding=&#8220;|||&#8220; global_colors_info=&#8220;{}&#8220; custom_padding__hover=&#8220;|||&#8220;][et_pb_text admin_label=&#8220;Derniers articles&#8220; _builder_version=&#8220;4.16&#8243; background_layout=&#8220;dark&#8220; global_colors_info=&#8220;{}&#8220;]<\/p><h2>K\u00fcrzlich erschienene Artikel<\/h2><p>[\/et_pb_text][\/et_pb_column][\/et_pb_row][et_pb_row column_structure=&#8220;1_3,1_3,1_3&#8243; _builder_version=&#8220;4.16&#8243; background_size=&#8220;initial&#8220; background_position=&#8220;top_left&#8220; background_repeat=&#8220;repeat&#8220; global_colors_info=&#8220;{}&#8220;][et_pb_column type=&#8220;1_3&#8243; _builder_version=&#8220;4.16&#8243; global_colors_info=&#8220;{}&#8220;]<\/p><p>[et_pb_blog fullwidth=&#8220;off&#8220; posts_number=&#8220;1&#8243; include_categories=&#8220;14&#8243; meta_date=&#8220;j M Y&#8220; show_thumbnail=&#8220;off&#8220; show_more=&#8220;on&#8220; show_author=&#8220;off&#8220; show_categories=&#8220;off&#8220; show_comments=&#8220;on&#8220; show_pagination=&#8220;off&#8220; _builder_version=&#8220;4.16&#8243; header_level=&#8220;h3&#8243; pagination_font_size_tablet=&#8220;51&#8243; pagination_line_height_tablet=&#8220;2&#8243; border_color_all=&#8220;#ffffff&#8220; border_width_all_fullwidth=&#8220;1px&#8220; border_color_all_fullwidth=&#8220;#ffffff&#8220; use_border_color=&#8220;on&#8220; global_colors_info=&#8220;{}&#8220;] [\/et_pb_blog]<\/p><p>[\/et_pb_column][et_pb_column type=&#8220;1_3&#8243; _builder_version=&#8220;4.16&#8243; custom_padding=&#8220;|||&#8220; global_colors_info=&#8220;{}&#8220; custom_padding__hover=&#8220;|||&#8220;]<\/p><p>[et_pb_blog fullwidth=&#8220;off&#8220; posts_number=&#8220;1&#8243; include_categories=&#8220;15&#8243; meta_date=&#8220;j M Y&#8220; show_thumbnail=&#8220;off&#8220; show_more=&#8220;on&#8220; show_author=&#8220;off&#8220; show_categories=&#8220;off&#8220; show_comments=&#8220;on&#8220; show_pagination=&#8220;off&#8220; _builder_version=&#8220;4.16&#8243; header_level=&#8220;h3&#8243; pagination_font_size_tablet=&#8220;51&#8243; pagination_line_height_tablet=&#8220;2&#8243; border_color_all=&#8220;#ffffff&#8220; border_width_all_fullwidth=&#8220;1px&#8220; border_color_all_fullwidth=&#8220;#ffffff&#8220; use_border_color=&#8220;on&#8220; global_colors_info=&#8220;{}&#8220;] [\/et_pb_blog]<\/p><p>[\/et_pb_column][et_pb_column type=&#8220;1_3&#8243; _builder_version=&#8220;4.16&#8243; custom_padding=&#8220;|||&#8220; global_colors_info=&#8220;{}&#8220; custom_padding__hover=&#8220;|||&#8220;]<\/p><p>[et_pb_blog fullwidth=&#8220;off&#8220; posts_number=&#8220;1&#8243; include_categories=&#8220;17,18,78,79,38&#8243; meta_date=&#8220;j M Y&#8220; show_thumbnail=&#8220;off&#8220; show_more=&#8220;on&#8220; show_author=&#8220;off&#8220; show_categories=&#8220;off&#8220; show_comments=&#8220;on&#8220; show_pagination=&#8220;off&#8220; offset_number=&#8220;2&#8243; _builder_version=&#8220;4.16&#8243; header_level=&#8220;h3&#8243; pagination_font_size_tablet=&#8220;51&#8243; pagination_line_height_tablet=&#8220;2&#8243; border_color_all=&#8220;#ffffff&#8220; border_width_all_fullwidth=&#8220;1px&#8220; border_color_all_fullwidth=&#8220;#ffffff&#8220; use_border_color=&#8220;on&#8220; global_colors_info=&#8220;{}&#8220;] [\/et_pb_blog]<\/p><p>[\/et_pb_column][\/et_pb_row][\/et_pb_section]<\/p>","protected":false},"excerpt":{"rendered":"<p>Amtlich anerkannte Einrichtung, sowohl vom franz\u00f6sischen Erziehungsministerium als auch von der AEFE (Agentur f\u00fcr das franz\u00f6sische Auslandsschulwesen \u2013 Zweig des Ausw\u00e4rtigen Amts) Die Schule bietet eine einzigartige Umgebung zur Entfaltung und Ausbildung f\u00fcr Kinder im Alter von 3 Monaten bis zu 12 Jahren.Jedem Kind einen pers\u00f6nlichen Rahmen bieten, der seiner Entwicklung und seinem Rhythmus entspricht.Jedem [&hellip;]<\/p>\n","protected":false},"author":1,"featured_media":0,"parent":0,"menu_order":0,"comment_status":"open","ping_status":"open","template":"","meta":{"_et_pb_use_builder":"on","_et_pb_old_content":"","_et_gb_content_width":"","footnotes":""},"class_list":["post-2052","page","type-page","status-publish","hentry"],"yoast_head":"<!-- This site is optimized with the Yoast SEO plugin v27.5 - https:\/\/yoast.com\/product\/yoast-seo-wordpress\/ -->\n<title>Willkommen - EFDB<\/title>\n<meta name=\"robots\" content=\"index, follow, max-snippet:-1, max-image-preview:large, max-video-preview:-1\" \/>\n<link rel=\"canonical\" href=\"https:\/\/www.efdb.ch\/de\/\" \/>\n<meta property=\"og:locale\" content=\"de_DE\" \/>\n<meta property=\"og:type\" content=\"article\" \/>\n<meta property=\"og:title\" content=\"Willkommen - EFDB\" \/>\n<meta property=\"og:description\" content=\"Amtlich anerkannte Einrichtung, sowohl vom franz\u00f6sischen Erziehungsministerium als auch von der AEFE (Agentur f\u00fcr das franz\u00f6sische Auslandsschulwesen \u2013 Zweig des Ausw\u00e4rtigen Amts) Die Schule bietet eine einzigartige Umgebung zur Entfaltung und Ausbildung f\u00fcr Kinder im Alter von 3 Monaten bis zu 12 Jahren.Jedem Kind einen pers\u00f6nlichen Rahmen bieten, der seiner Entwicklung und seinem Rhythmus entspricht.Jedem [&hellip;]\" \/>\n<meta property=\"og:url\" content=\"https:\/\/www.efdb.ch\/de\/\" \/>\n<meta property=\"og:site_name\" content=\"EFDB\" \/>\n<meta property=\"article:modified_time\" content=\"2025-05-07T20:15:48+00:00\" \/>\n<meta name=\"twitter:card\" content=\"summary_large_image\" \/>\n<meta name=\"twitter:label1\" content=\"Gesch\u00e4tzte Lesezeit\" \/>\n\t<meta name=\"twitter:data1\" content=\"16\u00a0Minuten\" \/>\n<script type=\"application\/ld+json\" class=\"yoast-schema-graph\">{\"@context\":\"https:\\\/\\\/schema.org\",\"@graph\":[{\"@type\":\"WebPage\",\"@id\":\"https:\\\/\\\/www.efdb.ch\\\/de\\\/\",\"url\":\"https:\\\/\\\/www.efdb.ch\\\/de\\\/\",\"name\":\"Willkommen - EFDB\",\"isPartOf\":{\"@id\":\"https:\\\/\\\/www.efdb.ch\\\/de\\\/#website\"},\"datePublished\":\"2018-01-30T17:59:49+00:00\",\"dateModified\":\"2025-05-07T20:15:48+00:00\",\"breadcrumb\":{\"@id\":\"https:\\\/\\\/www.efdb.ch\\\/de\\\/#breadcrumb\"},\"inLanguage\":\"de\",\"potentialAction\":[{\"@type\":\"ReadAction\",\"target\":[\"https:\\\/\\\/www.efdb.ch\\\/de\\\/\"]}]},{\"@type\":\"BreadcrumbList\",\"@id\":\"https:\\\/\\\/www.efdb.ch\\\/de\\\/#breadcrumb\",\"itemListElement\":[{\"@type\":\"ListItem\",\"position\":1,\"name\":\"Accueil\",\"item\":\"https:\\\/\\\/www.efdb.ch\\\/de\\\/\"},{\"@type\":\"ListItem\",\"position\":2,\"name\":\"Willkommen\"}]},{\"@type\":\"WebSite\",\"@id\":\"https:\\\/\\\/www.efdb.ch\\\/de\\\/#website\",\"url\":\"https:\\\/\\\/www.efdb.ch\\\/de\\\/\",\"name\":\"EFDB\",\"description\":\"\u00c9cole fran\u00e7aise de B\u00e2le\",\"potentialAction\":[{\"@type\":\"SearchAction\",\"target\":{\"@type\":\"EntryPoint\",\"urlTemplate\":\"https:\\\/\\\/www.efdb.ch\\\/de\\\/?s={search_term_string}\"},\"query-input\":{\"@type\":\"PropertyValueSpecification\",\"valueRequired\":true,\"valueName\":\"search_term_string\"}}],\"inLanguage\":\"de\"}]}<\/script>\n<!-- \/ Yoast SEO plugin. -->","yoast_head_json":{"title":"Willkommen - EFDB","robots":{"index":"index","follow":"follow","max-snippet":"max-snippet:-1","max-image-preview":"max-image-preview:large","max-video-preview":"max-video-preview:-1"},"canonical":"https:\/\/www.efdb.ch\/de\/","og_locale":"de_DE","og_type":"article","og_title":"Willkommen - EFDB","og_description":"Amtlich anerkannte Einrichtung, sowohl vom franz\u00f6sischen Erziehungsministerium als auch von der AEFE (Agentur f\u00fcr das franz\u00f6sische Auslandsschulwesen \u2013 Zweig des Ausw\u00e4rtigen Amts) Die Schule bietet eine einzigartige Umgebung zur Entfaltung und Ausbildung f\u00fcr Kinder im Alter von 3 Monaten bis zu 12 Jahren.Jedem Kind einen pers\u00f6nlichen Rahmen bieten, der seiner Entwicklung und seinem Rhythmus entspricht.Jedem [&hellip;]","og_url":"https:\/\/www.efdb.ch\/de\/","og_site_name":"EFDB","article_modified_time":"2025-05-07T20:15:48+00:00","twitter_card":"summary_large_image","twitter_misc":{"Gesch\u00e4tzte Lesezeit":"16\u00a0Minuten"},"schema":{"@context":"https:\/\/schema.org","@graph":[{"@type":"WebPage","@id":"https:\/\/www.efdb.ch\/de\/","url":"https:\/\/www.efdb.ch\/de\/","name":"Willkommen - EFDB","isPartOf":{"@id":"https:\/\/www.efdb.ch\/de\/#website"},"datePublished":"2018-01-30T17:59:49+00:00","dateModified":"2025-05-07T20:15:48+00:00","breadcrumb":{"@id":"https:\/\/www.efdb.ch\/de\/#breadcrumb"},"inLanguage":"de","potentialAction":[{"@type":"ReadAction","target":["https:\/\/www.efdb.ch\/de\/"]}]},{"@type":"BreadcrumbList","@id":"https:\/\/www.efdb.ch\/de\/#breadcrumb","itemListElement":[{"@type":"ListItem","position":1,"name":"Accueil","item":"https:\/\/www.efdb.ch\/de\/"},{"@type":"ListItem","position":2,"name":"Willkommen"}]},{"@type":"WebSite","@id":"https:\/\/www.efdb.ch\/de\/#website","url":"https:\/\/www.efdb.ch\/de\/","name":"EFDB","description":"\u00c9cole fran\u00e7aise de B\u00e2le","potentialAction":[{"@type":"SearchAction","target":{"@type":"EntryPoint","urlTemplate":"https:\/\/www.efdb.ch\/de\/?s={search_term_string}"},"query-input":{"@type":"PropertyValueSpecification","valueRequired":true,"valueName":"search_term_string"}}],"inLanguage":"de"}]}},"_links":{"self":[{"href":"https:\/\/www.efdb.ch\/de\/wp-json\/wp\/v2\/pages\/2052","targetHints":{"allow":["GET"]}}],"collection":[{"href":"https:\/\/www.efdb.ch\/de\/wp-json\/wp\/v2\/pages"}],"about":[{"href":"https:\/\/www.efdb.ch\/de\/wp-json\/wp\/v2\/types\/page"}],"author":[{"embeddable":true,"href":"https:\/\/www.efdb.ch\/de\/wp-json\/wp\/v2\/users\/1"}],"replies":[{"embeddable":true,"href":"https:\/\/www.efdb.ch\/de\/wp-json\/wp\/v2\/comments?post=2052"}],"version-history":[{"count":125,"href":"https:\/\/www.efdb.ch\/de\/wp-json\/wp\/v2\/pages\/2052\/revisions"}],"predecessor-version":[{"id":22030,"href":"https:\/\/www.efdb.ch\/de\/wp-json\/wp\/v2\/pages\/2052\/revisions\/22030"}],"wp:attachment":[{"href":"https:\/\/www.efdb.ch\/de\/wp-json\/wp\/v2\/media?parent=2052"}],"curies":[{"name":"wp","href":"https:\/\/api.w.org\/{rel}","templated":true}]}}